{"id":204701,"date":"2023-11-14T12:59:11","date_gmt":"2023-11-14T12:59:11","guid":{"rendered":"https:\/\/astti.ch\/universite-dete-2024\/"},"modified":"2024-07-25T13:52:57","modified_gmt":"2024-07-25T13:52:57","slug":"universita-estiva-2024","status":"publish","type":"page","link":"https:\/\/astti.ch\/it\/universita-estiva-2024\/","title":{"rendered":"UNIVERSIT\u00c0 ESTIVA 2024"},"content":{"rendered":"<div class=\"vce-row-container\"><div class=\"vce-row vce-element--has-background vce-row--col-gap-30 banner_inside vce-row-equal-height vce-row-content--top\" data-vce-full-width=\"true\" id=\"el-30e5b2f9\" data-vce-do-apply=\"all el-30e5b2f9\"><div class=\"vce-content-background-container\"><div class=\"vce-asset-background-simple-container vce-visible-all-only vce-asset-background-simple--style-cover vce-asset-background-simple--position-center-center\"><div class=\"vce-asset-background-simple\">\n              <div class=\"vce-asset-background-simple-item vcv-lozad\" data-background-image=\"https:\/\/astti.ch\/wp-content\/uploads\/2021\/11\/AdobeStock_72116406-scaled.jpeg\"><\/div>\n              <noscript>\n                <div class=\"vce-asset-background-simple-item\" style=\"background-image: url(https:\/\/astti.ch\/wp-content\/uploads\/2021\/11\/AdobeStock_72116406-scaled.jpeg)\"><\/div>\n              <\/noscript>\n            <\/div><\/div><div class=\"vce-asset-color-gradient-container vce-visible-all-only\" data-vce-do-apply=\"gradient el-30e5b2f9\"><\/div><\/div><div class=\"vce-row-content\" data-vce-element-content=\"true\"><div class=\"vce-col vce-col--md-auto vce-col--xs-1 vce-col--xs-last vce-col--xs-first vce-col--sm-last vce-col--sm-first vce-col--md-last vce-col--lg-last vce-col--xl-last vce-col--md-first vce-col--lg-first vce-col--xl-first\" id=\"el-38580f08\"><div class=\"vce-col-inner\" data-vce-do-apply=\"border margin background  el-38580f08\"><div class=\"vce-col-content\" data-vce-element-content=\"true\" data-vce-do-apply=\"padding el-38580f08\"><div class=\"vce-text-block\"><div class=\"vce-text-block-wrapper vce\" id=\"el-61f01b54\" data-vce-do-apply=\"all el-61f01b54\"><\/div><\/div><div class=\"vce-row-container\" data-vce-boxed-width=\"true\"><div class=\"vce-row vce-row--col-gap-30 vce-row-equal-height vce-row-content--top\" id=\"el-d9c1b798\" data-vce-do-apply=\"all el-d9c1b798\"><div class=\"vce-row-content\" data-vce-element-content=\"true\"><div class=\"vce-col vce-col--md-auto vce-col--xs-1 vce-col--xs-last vce-col--xs-first vce-col--sm-last vce-col--sm-first vce-col--md-last vce-col--lg-last vce-col--xl-last vce-col--md-first vce-col--lg-first vce-col--xl-first\" id=\"el-9db08fc4\"><div class=\"vce-col-inner\" data-vce-do-apply=\"border margin background  el-9db08fc4\"><div class=\"vce-col-content\" data-vce-element-content=\"true\" data-vce-do-apply=\"padding el-9db08fc4\"><div class=\"vcv-row-control-wrapper\"><\/div><\/div><\/div><\/div><\/div><\/div><\/div><\/div><\/div><\/div><\/div><\/div><\/div><div class=\"vce-row-container\" data-vce-boxed-width=\"true\"><div class=\"vce-row vce-row--col-gap-30 vce-row-equal-height vce-row-content--top\" id=\"el-41b22d95\" data-vce-do-apply=\"all el-41b22d95\"><div class=\"vce-row-content\" data-vce-element-content=\"true\"><div class=\"vce-col vce-col--md-67p vce-col--xs-1 vce-col--xs-last vce-col--xs-first vce-col--sm-last vce-col--sm-first vce-col--md-first vce-col--lg-first vce-col--xl-first\" id=\"el-e702e4e5\"><div class=\"vce-col-inner\" data-vce-do-apply=\"border margin background  el-e702e4e5\"><div class=\"vce-content-background-container\"><\/div><div class=\"vce-col-content\" data-vce-element-content=\"true\" data-vce-do-apply=\"padding el-e702e4e5\"><div class=\"vce-text-block block-white\"><div class=\"vce-text-block-wrapper vce\" id=\"el-2d4485c5\" data-vce-do-apply=\"all el-2d4485c5\"><h1>UNIVERSIT\u00c0 ESTIVA 2024<\/h1>\n<h2><strong><span style=\"color: #800000;\">3-5 luglio, Spiez, Hotel SEASIDE<\/span><\/strong><\/h2>\n<h2>Universit\u00e0 estiva della traduzione finanziaria ASTTI<\/h2><\/div><\/div><\/div><\/div><\/div><div class=\"vce-col vce-col--md-33p vce-col--xs-1 vce-col--xs-last vce-col--xs-first vce-col--sm-last vce-col--sm-first vce-col--md-last vce-col--lg-last vce-col--xl-last\" id=\"el-5c0710dd\"><div class=\"vce-col-inner\" data-vce-do-apply=\"border margin background  el-5c0710dd\"><div class=\"vce-col-content\" data-vce-element-content=\"true\" data-vce-do-apply=\"padding el-5c0710dd\"><div class=\"vcv-row-control-wrapper\"><\/div><\/div><\/div><\/div><\/div><\/div><\/div><div class=\"vce-row-container\" data-vce-boxed-width=\"true\"><div class=\"vce-row vce-row--col-gap-30 vce-row-equal-height vce-row-content--middle\" id=\"el-4a1d15ea\" data-vce-do-apply=\"all el-4a1d15ea\"><div class=\"vce-content-background-container\"><\/div><div class=\"vce-row-content\" data-vce-element-content=\"true\"><div class=\"vce-col vce-col--md-auto vce-col--xs-1 vce-col--xs-last vce-col--xs-first vce-col--sm-last vce-col--sm-first vce-col--md-first vce-col--lg-first vce-col--xl-first\" id=\"el-f9b28f8a\"><div class=\"vce-col-inner\" data-vce-do-apply=\"border margin background  el-f9b28f8a\"><div class=\"vce-col-content\" data-vce-element-content=\"true\" data-vce-do-apply=\"padding el-f9b28f8a\"><div class=\"vce-single-image-container vce-single-image--align-left\"><div class=\"vce vce-single-image-wrapper\" id=\"el-52d80da7\" data-vce-do-apply=\"all el-52d80da7\"><figure><div class=\"vce-single-image-figure-inner\" style=\"width: 1024px;\"><div class=\"vce-single-image-inner vce-single-image--absolute\" style=\"width: 100%; padding-bottom: 66.6016%;\"><img loading=\"lazy\" decoding=\"async\" class=\"vce-single-image\"  width=\"1024\" height=\"682\" srcset=\"https:\/\/astti.ch\/wp-content\/uploads\/2023\/11\/astti-sommeruni-finanzubersetzung-spiez-1024x683.jpg 1024w, https:\/\/astti.ch\/wp-content\/uploads\/2023\/11\/astti-sommeruni-finanzubersetzung-spiez-320x213.jpg 320w, https:\/\/astti.ch\/wp-content\/uploads\/2023\/11\/astti-sommeruni-finanzubersetzung-spiez-480x320.jpg 480w, https:\/\/astti.ch\/wp-content\/uploads\/2023\/11\/astti-sommeruni-finanzubersetzung-spiez-800x533.jpg 800w\" src=\"https:\/\/astti.ch\/wp-content\/uploads\/2023\/11\/astti-sommeruni-finanzubersetzung-spiez-1024x683.jpg\" data-img-src=\"https:\/\/astti.ch\/wp-content\/uploads\/2023\/11\/astti-sommeruni-finanzubersetzung-spiez.jpg\" data-attachment-id=\"204636\"  alt=\"Universit\u00e9 d'\u00e9t\u00e9 Spiez traduction financi\u00e8re Sommeruniversit\u00e4t ASTTI Finanz\u00fcbersetzung\" title=\"astti-sommeruni-finanzubersetzung-spiez\" \/><\/div><\/div><figcaption hidden=\"\"><\/figcaption><\/figure><\/div><\/div><\/div><\/div><\/div><div class=\"vce-col vce-col--md-auto vce-col--xs-1 vce-col--xs-last vce-col--xs-first vce-col--sm-last vce-col--sm-first vce-col--md-last vce-col--lg-last vce-col--xl-last\" id=\"el-275e59a4\"><div class=\"vce-col-inner\" data-vce-do-apply=\"border margin background  el-275e59a4\"><div class=\"vce-col-content\" data-vce-element-content=\"true\" data-vce-do-apply=\"padding el-275e59a4\"><div class=\"vce-text-block\"><div class=\"vce-text-block-wrapper vce\" id=\"el-fa044cce\" data-vce-do-apply=\"all el-fa044cce\"><\/div><\/div><div class=\"vce-text-block\"><div class=\"vce-text-block-wrapper vce\" id=\"el-a62f05ec\" data-vce-do-apply=\"all el-a62f05ec\"><p>Siamo lieti di annunciare che la prossima edizione dell\u2019Universit\u00e0 estiva della traduzione finanziaria ASTTI si terr\u00e0 dal 3 al 5 luglio 2024 a Spiez, Svizzera.<\/p>\n<p>L\u2019Universit\u00e0 estiva \u00e8 <strong>luogo di incontro per traduttori, studiosi ed esperti finanziari.<\/strong> Con un programma che comprende relatori influenti, workshop in diverse combinazioni linguistiche ed eventi sociali, vi aiuteremo a integrare e aggiornare le vostre conoscenze, nonch\u00e9 a creare nuove relazioni e collaborazioni.<\/p>\n<p><strong>Contatto: ftsc@astti.ch<\/strong><\/p>\n<p><u>Il comitato scientifico:&nbsp;<br><\/u>Beata Marchand, Jean-Claude Borel, Michael Dever, Claudio La Rosa<\/p><\/div><\/div><\/div><\/div><\/div><\/div><\/div><\/div><div class=\"vce-row-container\" data-vce-boxed-width=\"true\"><div class=\"vce-row vce-row--col-gap-30 vce-row-equal-height vce-row-content--top\" id=\"el-12062991\" data-vce-do-apply=\"all el-12062991\"><div class=\"vce-content-background-container\"><\/div><div class=\"vce-row-content\" data-vce-element-content=\"true\"><div class=\"vce-col vce-col--md-auto vce-col--xs-1 vce-col--xs-last vce-col--xs-first vce-col--sm-last vce-col--sm-first vce-col--md-last vce-col--lg-last vce-col--xl-last vce-col--md-first vce-col--lg-first vce-col--xl-first\" id=\"el-b0b6e841\"><div class=\"vce-col-inner\" data-vce-do-apply=\"border margin background  el-b0b6e841\"><div class=\"vce-col-content\" data-vce-element-content=\"true\" data-vce-do-apply=\"padding el-b0b6e841\"><div class=\"vce-text-block\"><div class=\"vce-text-block-wrapper vce\" id=\"el-8769a5c1\" data-vce-do-apply=\"all el-8769a5c1\"><h2>&gt;&gt; <span style=\"font-size: 18pt;\"><a href=\"https:\/\/astti.ch\/wp-content\/uploads\/2024\/05\/FTSC_202405_Program.pdf\" target=\"_blank\" rel=\"noopener\">Programma <\/a><\/span>&lt;&lt;<\/h2>\n<h2>&gt;&gt; <a href=\"https:\/\/astti.ch\/wp-content\/uploads\/2024\/04\/ABSTRACTS-SPIEZ-2024-1.pdf\" target=\"_blank\" rel=\"noopener\">Abstracts<\/a> &lt;&lt;<\/h2>\n<h2>&gt;&gt;&nbsp;<a href=\"https:\/\/www.hotel-seaside.ch\/\" target=\"_blank\" rel=\"noopener\">Hotel Seaside<\/a>&nbsp;&lt;&lt;<\/h2>\n<h2>&gt;&gt; <a href=\"https:\/\/astti.ch\/wp-content\/uploads\/2024\/04\/stornierungsbedingungen_FTSC_2024_EN-2.pdf\" target=\"_blank\" rel=\"noopener\">Condizioni di cancellazione<\/a>&nbsp;&lt;&lt;<\/h2>\n<h2>&gt;&gt; <a href=\"https:\/\/astti.ch\/wp-content\/uploads\/2024\/05\/Interview_ChrisDurban_2024.pdf\" target=\"_blank\" rel=\"noopener\">Intervista con Chris Durban<\/a> &lt;&lt;<\/h2>\n<h2>&gt;&gt; Intervista con Claudio La Rosa (<a href=\"https:\/\/astti.ch\/wp-content\/uploads\/2024\/06\/Claudio-La-Rosa-entrevue-_FR.pdf\" target=\"_blank\" rel=\"noopener\">FR<\/a> \/ <a href=\"https:\/\/astti.ch\/wp-content\/uploads\/2024\/06\/Claudio-La-Rosa-entrevue-_IT.pdf\" target=\"_blank\" rel=\"noopener\">IT<\/a>)&nbsp; &lt;&lt;<\/h2>\n<h2>&gt;&gt; <a href=\"https:\/\/astti.ch\/universite-dete-2024-documents\/\" target=\"_blank\" rel=\"noopener\">Presentazioni\/Documenti<\/a> &lt;&lt;<\/h2>\n<p>&nbsp;<\/p>\n<h2><strong>Tariffe:<\/strong>&nbsp;<\/h2>\n<p style=\"line-height: 1.5; text-align: left;\"><strong>Tariffe per 1 giorno<br><\/strong>Soci ASTTI e di associazioni partner: 540 CHF<br>Non soci: 720 CHF<\/p>\n<p style=\"line-height: 1.5; text-align: left;\"><strong>Tariffe per 3 giorni<br><\/strong>Soci ASTTI e di associazioni partner: 1290 CHF<br>Non soci: 1640 CHF<br><br><\/p>\n<h2><strong>Pernottamento:<\/strong><\/h2>\n<p>Un contingente di camere \u00e8 stato riservato all'Hotel Seaside per il pernottamento dal 2 al 5 luglio 2024. Contatta direttamente l'hotel via e-mail a <strong>reception@hotel-seaside.ch<\/strong> menzionando il convegno ASTTI.<\/p><\/div><\/div><div class=\"vce-text-block\"><div class=\"vce-text-block-wrapper vce\" id=\"el-631f5be7\" data-vce-do-apply=\"all el-631f5be7\"><\/div><\/div><\/div><\/div><\/div><\/div><\/div><\/div><div class=\"vce-row-container\" data-vce-boxed-width=\"true\"><div class=\"vce-row vce-row--col-gap-30 vce-row-equal-height vce-row-content--top\" id=\"el-1806bad8\" data-vce-do-apply=\"all el-1806bad8\"><div class=\"vce-content-background-container\"><\/div><div class=\"vce-row-content\" data-vce-element-content=\"true\"><div class=\"vce-col vce-col--md-auto vce-col--xs-1 vce-col--xs-last vce-col--xs-first vce-col--sm-last vce-col--sm-first vce-col--md-last vce-col--lg-last vce-col--xl-last vce-col--md-first vce-col--lg-first vce-col--xl-first\" id=\"el-da9b837e\"><div class=\"vce-col-inner\" data-vce-do-apply=\"border margin background  el-da9b837e\"><div class=\"vce-col-content\" data-vce-element-content=\"true\" data-vce-do-apply=\"padding el-da9b837e\"><div class=\"vce-shortcode\"><div class=\"vce-shortcode-wrapper vce\" id=\"el-1c1db09b\" data-vce-do-apply=\"all el-1c1db09b\"><div class=\"woocommerce columns-3 \"><ul class=\"products columns-3\">\n<li class=\"product type-product post-206521 status-publish first instock product_cat-ftsc2024-it has-post-thumbnail shipping-taxable purchasable product-type-variable\">\n\t<a href=\"https:\/\/astti.ch\/it\/produit\/sommeruniversitaet-mittwoch\/\" class=\"woocommerce-LoopProduct-link woocommerce-loop-product__link\"><img width=\"500\" height=\"375\" src=\"https:\/\/astti.ch\/wp-content\/uploads\/2024\/03\/1-1-500x375.png\" class=\"attachment-woocommerce_thumbnail size-woocommerce_thumbnail\" alt=\"Universit\u00e0 estiva, mercoled\u00ec\" \/><h2 class=\"woocommerce-loop-product__title\">Universit\u00e0 estiva, mercoled\u00ec<\/h2>03\/04\/2024<p><\/p>\n\t<span class=\"price\"><span class=\"woocommerce-Price-amount amount\"><bdi>540.00&nbsp;<span class=\"woocommerce-Price-currencySymbol\">&#67;&#72;&#70;<\/span><\/bdi><\/span> &ndash; <span class=\"woocommerce-Price-amount amount\"><bdi>720.00&nbsp;<span class=\"woocommerce-Price-currencySymbol\">&#67;&#72;&#70;<\/span><\/bdi><\/span><\/span>\n<\/a><a href=\"https:\/\/astti.ch\/it\/produit\/sommeruniversitaet-mittwoch\/\" aria-describedby=\"woocommerce_loop_add_to_cart_link_describedby_206521\" data-quantity=\"1\" class=\"button product_type_variable add_to_cart_button\" data-product_id=\"206521\" data-product_sku=\"\" aria-label=\"Seleziona le opzioni per &ldquo;Universit\u00e0 estiva, mercoled\u00ec&rdquo;\" rel=\"nofollow\">Scegli<\/a>\t<span id=\"woocommerce_loop_add_to_cart_link_describedby_206521\" class=\"screen-reader-text\">\n\t\tQuesto prodotto ha pi\u00f9 varianti. Le opzioni possono essere scelte nella pagina del prodotto\t<\/span>\n<\/li>\n<li class=\"product type-product post-206546 status-publish instock product_cat-ftsc2024-it has-post-thumbnail shipping-taxable purchasable product-type-variable\">\n\t<a href=\"https:\/\/astti.ch\/it\/produit\/universita-estiva-giovedi\/\" class=\"woocommerce-LoopProduct-link woocommerce-loop-product__link\"><img width=\"500\" height=\"375\" src=\"https:\/\/astti.ch\/wp-content\/uploads\/2024\/03\/2-1-500x375.png\" class=\"attachment-woocommerce_thumbnail size-woocommerce_thumbnail\" alt=\"Universit\u00e0 estiva, gioved\u00ec\" \/><h2 class=\"woocommerce-loop-product__title\">Universit\u00e0 estiva, gioved\u00ec<\/h2>04\/07\/2024<p><\/p>\n\t<span class=\"price\"><span class=\"woocommerce-Price-amount amount\"><bdi>540.00&nbsp;<span class=\"woocommerce-Price-currencySymbol\">&#67;&#72;&#70;<\/span><\/bdi><\/span> &ndash; <span class=\"woocommerce-Price-amount amount\"><bdi>720.00&nbsp;<span class=\"woocommerce-Price-currencySymbol\">&#67;&#72;&#70;<\/span><\/bdi><\/span><\/span>\n<\/a><a href=\"https:\/\/astti.ch\/it\/produit\/universita-estiva-giovedi\/\" aria-describedby=\"woocommerce_loop_add_to_cart_link_describedby_206546\" data-quantity=\"1\" class=\"button product_type_variable add_to_cart_button\" data-product_id=\"206546\" data-product_sku=\"\" aria-label=\"Seleziona le opzioni per &ldquo;Universit\u00e0 estiva, gioved\u00ec&rdquo;\" rel=\"nofollow\">Scegli<\/a>\t<span id=\"woocommerce_loop_add_to_cart_link_describedby_206546\" class=\"screen-reader-text\">\n\t\tQuesto prodotto ha pi\u00f9 varianti. Le opzioni possono essere scelte nella pagina del prodotto\t<\/span>\n<\/li>\n<li class=\"product type-product post-206563 status-publish last instock product_cat-ftsc2024-it has-post-thumbnail shipping-taxable purchasable product-type-variable\">\n\t<a href=\"https:\/\/astti.ch\/it\/produit\/universita-estiva-giovedi-copie\/\" class=\"woocommerce-LoopProduct-link woocommerce-loop-product__link\"><img width=\"500\" height=\"375\" src=\"https:\/\/astti.ch\/wp-content\/uploads\/2024\/03\/3-1-500x375.png\" class=\"attachment-woocommerce_thumbnail size-woocommerce_thumbnail\" alt=\"Universit\u00e0 estiva, venerd\u00ec\" \/><h2 class=\"woocommerce-loop-product__title\">Universit\u00e0 estiva, venerd\u00ec<\/h2>05\/07\/2024<p><\/p>\n\t<span class=\"price\"><span class=\"woocommerce-Price-amount amount\"><bdi>540.00&nbsp;<span class=\"woocommerce-Price-currencySymbol\">&#67;&#72;&#70;<\/span><\/bdi><\/span> &ndash; <span class=\"woocommerce-Price-amount amount\"><bdi>720.00&nbsp;<span class=\"woocommerce-Price-currencySymbol\">&#67;&#72;&#70;<\/span><\/bdi><\/span><\/span>\n<\/a><a href=\"https:\/\/astti.ch\/it\/produit\/universita-estiva-giovedi-copie\/\" aria-describedby=\"woocommerce_loop_add_to_cart_link_describedby_206563\" data-quantity=\"1\" class=\"button product_type_variable add_to_cart_button\" data-product_id=\"206563\" data-product_sku=\"\" aria-label=\"Seleziona le opzioni per &ldquo;Universit\u00e0 estiva, venerd\u00ec&rdquo;\" rel=\"nofollow\">Scegli<\/a>\t<span id=\"woocommerce_loop_add_to_cart_link_describedby_206563\" class=\"screen-reader-text\">\n\t\tQuesto prodotto ha pi\u00f9 varianti. Le opzioni possono essere scelte nella pagina del prodotto\t<\/span>\n<\/li>\n<li class=\"product type-product post-206589 status-publish first instock product_cat-ftsc2024-it has-post-thumbnail shipping-taxable purchasable product-type-variable\">\n\t<a href=\"https:\/\/astti.ch\/it\/produit\/universita-estiva-venerdi-copie\/\" class=\"woocommerce-LoopProduct-link woocommerce-loop-product__link\"><img width=\"500\" height=\"375\" src=\"https:\/\/astti.ch\/wp-content\/uploads\/2024\/03\/4-1-500x375.png\" class=\"attachment-woocommerce_thumbnail size-woocommerce_thumbnail\" alt=\"Universit\u00e0 estiva, mercoled\u00ec-venerd\u00ec\" \/><h2 class=\"woocommerce-loop-product__title\">Universit\u00e0 estiva, mercoled\u00ec-venerd\u00ec<\/h2>03\/07\/2024<p><\/p>\n\t<span class=\"price\"><span class=\"woocommerce-Price-amount amount\"><bdi>1,290.00&nbsp;<span class=\"woocommerce-Price-currencySymbol\">&#67;&#72;&#70;<\/span><\/bdi><\/span> &ndash; <span class=\"woocommerce-Price-amount amount\"><bdi>1,640.00&nbsp;<span class=\"woocommerce-Price-currencySymbol\">&#67;&#72;&#70;<\/span><\/bdi><\/span><\/span>\n<\/a><a href=\"https:\/\/astti.ch\/it\/produit\/universita-estiva-venerdi-copie\/\" aria-describedby=\"woocommerce_loop_add_to_cart_link_describedby_206589\" data-quantity=\"1\" class=\"button product_type_variable add_to_cart_button\" data-product_id=\"206589\" data-product_sku=\"\" aria-label=\"Seleziona le opzioni per &ldquo;Universit\u00e0 estiva, mercoled\u00ec-venerd\u00ec&rdquo;\" rel=\"nofollow\">Scegli<\/a>\t<span id=\"woocommerce_loop_add_to_cart_link_describedby_206589\" class=\"screen-reader-text\">\n\t\tQuesto prodotto ha pi\u00f9 varianti. Le opzioni possono essere scelte nella pagina del prodotto\t<\/span>\n<\/li>\n<li class=\"product type-product post-206623 status-publish instock product_cat-ftsc2024-it has-post-thumbnail shipping-taxable purchasable product-type-variable\">\n\t<a href=\"https:\/\/astti.ch\/it\/produit\/universita-estiva-crociera-con-cena-giovedi\/\" class=\"woocommerce-LoopProduct-link woocommerce-loop-product__link\"><img width=\"500\" height=\"375\" src=\"https:\/\/astti.ch\/wp-content\/uploads\/2024\/03\/20230119-DJI_0205-500x375.jpg\" class=\"attachment-woocommerce_thumbnail size-woocommerce_thumbnail\" alt=\"Universit\u00e0 estiva Crociera con cena, gioved\u00ec\" \/><h2 class=\"woocommerce-loop-product__title\">Universit\u00e0 estiva Crociera con cena, gioved\u00ec<\/h2>04\/07\/2024<p><\/p>\n\t<span class=\"price\"><span class=\"woocommerce-Price-amount amount\"><bdi>100.00&nbsp;<span class=\"woocommerce-Price-currencySymbol\">&#67;&#72;&#70;<\/span><\/bdi><\/span><\/span>\n<\/a><a href=\"https:\/\/astti.ch\/it\/produit\/universita-estiva-crociera-con-cena-giovedi\/\" aria-describedby=\"woocommerce_loop_add_to_cart_link_describedby_206623\" data-quantity=\"1\" class=\"button product_type_variable add_to_cart_button\" data-product_id=\"206623\" data-product_sku=\"\" aria-label=\"Seleziona le opzioni per &ldquo;Universit\u00e0 estiva Crociera con cena, gioved\u00ec&rdquo;\" rel=\"nofollow\">Scegli<\/a>\t<span id=\"woocommerce_loop_add_to_cart_link_describedby_206623\" class=\"screen-reader-text\">\n\t\tQuesto prodotto ha pi\u00f9 varianti. Le opzioni possono essere scelte nella pagina del prodotto\t<\/span>\n<\/li>\n<\/ul>\n<\/div><\/div><\/div><\/div><\/div><\/div><\/div><\/div><\/div>","protected":false},"excerpt":{"rendered":"<p>UNIVERSIT\u00c0 ESTIVA 2024 3-5 luglio, Spiez, Hotel SEASIDE Universit\u00e0 estiva della traduzione finanziaria ASTTISiamo lieti di annunciare che la prossima edizione dell\u2019Universit\u00e0 estiva della traduzione finanziaria ASTTI si terr\u00e0 dal 3 al 5 luglio 2024 a Spiez, Svizzera. L\u2019Universit\u00e0 estiva \u00e8 luogo di incontro per traduttori, studiosi ed esperti finanziari. Con un programma che comprende [&hellip;]<\/p>\n","protected":false},"author":405,"featured_media":0,"parent":0,"menu_order":0,"comment_status":"closed","ping_status":"closed","template":"","meta":{"inline_featured_image":false,"footnotes":""},"class_list":["post-204701","page","type-page","status-publish","hentry"],"acf":[],"_links":{"self":[{"href":"https:\/\/astti.ch\/it\/wp-json\/wp\/v2\/pages\/204701","targetHints":{"allow":["GET"]}}],"collection":[{"href":"https:\/\/astti.ch\/it\/wp-json\/wp\/v2\/pages"}],"about":[{"href":"https:\/\/astti.ch\/it\/wp-json\/wp\/v2\/types\/page"}],"author":[{"embeddable":true,"href":"https:\/\/astti.ch\/it\/wp-json\/wp\/v2\/users\/405"}],"replies":[{"embeddable":true,"href":"https:\/\/astti.ch\/it\/wp-json\/wp\/v2\/comments?post=204701"}],"version-history":[{"count":3,"href":"https:\/\/astti.ch\/it\/wp-json\/wp\/v2\/pages\/204701\/revisions"}],"predecessor-version":[{"id":209096,"href":"https:\/\/astti.ch\/it\/wp-json\/wp\/v2\/pages\/204701\/revisions\/209096"}],"wp:attachment":[{"href":"https:\/\/astti.ch\/it\/wp-json\/wp\/v2\/media?parent=204701"}],"curies":[{"name":"wp","href":"https:\/\/api.w.org\/{rel}","templated":true}]}}